{"id":2413,"date":"2020-04-22T10:39:42","date_gmt":"2020-04-22T10:39:42","guid":{"rendered":"http:\/\/158.129.0.21\/wordpress\/?page_id=2413"},"modified":"2020-09-16T13:42:06","modified_gmt":"2020-09-16T13:42:06","slug":"lektoriai","status":"publish","type":"page","link":"https:\/\/data.ktu.edu\/EN\/lektoriai\/","title":{"rendered":"Lektoriai"},"content":{"rendered":"<div class=\"experts\"><div class=\"expert-preview\">\n\t<div class=\"expert-meta\">\n\t\t<div class=\"expert-image bordered-image\">\n\t\t\t<a href=\"https:\/\/data.ktu.edu\/EN\/profile\/vaidas\/\"><img src=\"https:\/\/data.ktu.edu\/EN\/wp-content\/uploads\/2020\/04\/vaidas-morkevicius-5e16dde71bcba-96x96.jpg\" class=\"avatar\" width=\"96\" alt=\"\" \/><\/a>\n\t\t<\/div>\n\t\t<div class=\"user-links\">\n\t<a href=\"https:\/\/twitter.com\/vaidasmo\" class=\"twitter\" target=\"_blank\" title=\"Twitter\"><\/a>\t<a href=\"http:\/\/www.facebook.com\/vaidasmo\" class=\"facebook\" target=\"_blank\" title=\"Facebook\"><\/a>\t<a href=\"https:\/\/orcid.org\/0000-0002-2174-0396\" class=\"google\" target=\"_blank\" title=\"Google\"><\/a>\t<a href=\"http:\/\/www.researchgate.net\/profile\/Vaidas_Morkevicius\" class=\"tumblr\" target=\"_blank\" title=\"Tumblr\"><\/a>\t<a href=\"https:\/\/lt.linkedin.com\/in\/vaidasmo\" class=\"linkedin\" target=\"_blank\" title=\"LinkedIn\"><\/a>\t\t\t<\/div>\t<\/div>\n\t<div class=\"expert-text\">\n\t\t<h4 class=\"nomargin\">\n\t\t\t<a href=\"https:\/\/data.ktu.edu\/EN\/profile\/vaidas\/\">\n\t\t\tVaidas Morkevi\u010dius\t\t\t<\/a>\n\t\t<\/h4>\n\t\t<span class=\"expert-signature\">KTU vyr. mokslo darbuotojas<\/span>\n\t\t<p><strong>Dr. Vaidas Morkevi\u010dius<\/strong> yra DAtA centro asocijuotas tyr\u0117jas, taip pat mokslo grup\u0117s \u201ePilietin\u0117 visuomen\u0117 ir darnus vystymasis\u201c vyr. mokslo darbuotojas, Socialini\u0173, humanitarini\u0173 moksl\u0173 ir men\u0173 fakultete, Kauno technologijos universitete. Jo mokslini\u0173 tyrim\u0173 sritys: politin\u0117 komunikacija, pilie\u010di\u0173 bei elito nuostatos ir elgsena, socialin\u0117 strukt\u016bra ir nelygyb\u0117, socialini\u0173 tyrim\u0173 metodai. Su Zenonu Norkumi 2011 m. publikavo vadov\u0117l\u012f \u201eKokybin\u0117 lyginamoji analiz\u0117\u201c. Nuo 2002 m. KTU, VDU ir ISM yra d\u0117st\u0119s \u012fvairius tyrimo metod\u0173 kursus. 2008-2018 m. buvo Europos socialinio tyrimo nacionalinis koordinatorius Lietuvoje. Kaip bendraautorius yra prisid\u0117j\u0119s prie statistin\u0117s kiekybini\u0173 duomen\u0173 analiz\u0117s ir kompiuterizuotos kokybini\u0173 duomen\u0173 analiz\u0117s mokomosios med\u017eiagos parengimo.<\/p>\t<\/div>\n<\/div>\n\n\n<div class=\"expert-preview\">\n\t<div class=\"expert-meta\">\n\t\t<div class=\"expert-image bordered-image\">\n\t\t\t<a href=\"https:\/\/data.ktu.edu\/EN\/profile\/vilma\/\"><img src=\"https:\/\/data.ktu.edu\/EN\/wp-content\/uploads\/2020\/04\/Vilmosveidas-96x96.jpg\" class=\"avatar\" width=\"96\" alt=\"\" \/><\/a>\n\t\t<\/div>\n\t\t<div class=\"user-links\">\n\t\t\t\t\t\t\t\t<\/div>\t<\/div>\n\t<div class=\"expert-text\">\n\t\t<h4 class=\"nomargin\">\n\t\t\t<a href=\"https:\/\/data.ktu.edu\/EN\/profile\/vilma\/\">\n\t\t\tVilma Sukack\u0117\t\t\t<\/a>\n\t\t<\/h4>\n\t\t<span class=\"expert-signature\">KTU edukologijos doktorant\u0117<\/span>\n\t\t<p><strong>Dokt. Vilma Sukack\u0117<\/strong> yra DAtA centro asocijuota tyr\u0117ja, lektor\u0117, mokslinio \u017eurnalo \u201eInformacin\u0117s technologijos ir valdymas\u201c redaktor\u0117 ir Kauno technologijos universiteto (KTU) edukologijos doktorant\u0117. Jos mokslini\u0173 interes\u0173 ir kompetencijos sritys yra technologijomis praturtintas mokymas(-is), mokslini\u0173 tyrim\u0173 metodai ir sociolingvistika.<\/p>\t<\/div>\n<\/div>\n\n\n<div class=\"expert-preview\">\n\t<div class=\"expert-meta\">\n\t\t<div class=\"expert-image bordered-image\">\n\t\t\t<a href=\"https:\/\/data.ktu.edu\/EN\/profile\/rimantas\/\"><img src=\"https:\/\/data.ktu.edu\/EN\/wp-content\/uploads\/2020\/04\/rimantas-rauleckas-72483820-96x96.jpg\" class=\"avatar\" width=\"96\" alt=\"\" \/><\/a>\n\t\t<\/div>\n\t\t<div class=\"user-links\">\n\t\t<a href=\"https:\/\/www.facebook.com\/rimantas.rauleckas\" class=\"facebook\" target=\"_blank\" title=\"Facebook\"><\/a>\t\t\t<a href=\"https:\/\/lt.linkedin.com\/in\/rimantas-rauleckas-5375824\" class=\"linkedin\" target=\"_blank\" title=\"LinkedIn\"><\/a>\t\t\t<\/div>\t<\/div>\n\t<div class=\"expert-text\">\n\t\t<h4 class=\"nomargin\">\n\t\t\t<a href=\"https:\/\/data.ktu.edu\/EN\/profile\/rimantas\/\">\n\t\t\tRimantas Rauleckas\t\t\t<\/a>\n\t\t<\/h4>\n\t\t<span class=\"expert-signature\">KTU docentas<\/span>\n\t\t<p><strong>Dr. Rimantas Rauleckas <\/strong>yra Duomen\u0173 analiz\u0117s ir archyvavimo (DAtA) centro (Socialini\u0173, humanitarini\u0173 moksl\u0173 ir men\u0173 fakultetas, KTU) docentas. Jo mokslini\u0173 tyrim\u0173 sritis yra vie\u0161asis valdymas, o pagrindinis d\u0117stomas dalykas \u2013 socialini\u0173 tyrim\u0173 metodai. Savo tyrimuose jis taiko statistin\u0117s analiz\u0117s metodus apklaus\u0173 duomenims. Kaip bendraautorius yra prisid\u0117j\u0119s prie statistin\u0117s kiekybini\u0173 duomen\u0173 analiz\u0117s (<a href=\"http:\/\/www.lidata.eu\/mokymai\/metodologiniai\/SA\" rel=\"noopener\">www.lidata.eu\/mokymai\/metodologiniai\/SA<\/a>) mokomosios med\u017eiagos parengimo.<\/p>\t<\/div>\n<\/div>\n\n\n<div class=\"expert-preview\">\n\t<div class=\"expert-meta\">\n\t\t<div class=\"expert-image bordered-image\">\n\t\t\t<a href=\"https:\/\/data.ktu.edu\/EN\/profile\/audrone\/\"><img src=\"https:\/\/data.ktu.edu\/EN\/wp-content\/uploads\/2020\/04\/audrone-telesiene-74623346-96x96.jpg\" class=\"avatar\" width=\"96\" alt=\"\" \/><\/a>\n\t\t<\/div>\n\t\t<div class=\"user-links\">\n\t\t<a href=\"https:\/\/www.facebook.com\/telesiene\" class=\"facebook\" target=\"_blank\" title=\"Facebook\"><\/a>\t<a href=\"https:\/\/orcid.org\/0000-0003-0356-1631\" class=\"google\" target=\"_blank\" title=\"Google\"><\/a>\t\t\t\t\t<\/div>\t<\/div>\n\t<div class=\"expert-text\">\n\t\t<h4 class=\"nomargin\">\n\t\t\t<a href=\"https:\/\/data.ktu.edu\/EN\/profile\/audrone\/\">\n\t\t\tAudron\u0117 Tele\u0161ien\u0117\t\t\t<\/a>\n\t\t<\/h4>\n\t\t<span class=\"expert-signature\">KTU profesor\u0117<\/span>\n\t\t<p><strong>Prof. Audron\u0117 Tele\u0161ien\u0117<\/strong> yra sociologijos profesor\u0117 bei Duomen\u0173 analiz\u0117s ir archyvavimo (DAtA) centro vadov\u0117 (Socialini\u0173, humanitarini\u0173 moksl\u0173 ir men\u0173 fakultetas, KTU). Jos mokslini\u0173 tyrim\u0173 sritys: aplinkosaugin\u0117 elgsena ir nuostatos, klimato kaitos socialinis suvokimas ir komunikacija, socialin\u0117s gerov\u0117s studijos bei socialini\u0173 tyrim\u0173 metodai. Savo tyrimuose, greta kit\u0173 kokybini\u0173 ir kiekybini\u0173 metod\u0173, ji taiko sistemin\u0119 literat\u016bros analiz\u0119.<\/p>\t<\/div>\n<\/div>\n\n\n<div class=\"expert-preview\">\n\t<div class=\"expert-meta\">\n\t\t<div class=\"expert-image bordered-image\">\n\t\t\t<a href=\"https:\/\/data.ktu.edu\/EN\/profile\/grahamas\/\"><img src=\"https:\/\/data.ktu.edu\/EN\/wp-content\/uploads\/2020\/04\/spotlight-session-3-96x96.jpg\" class=\"avatar\" width=\"96\" alt=\"\" \/><\/a>\n\t\t<\/div>\n\t\t<div class=\"user-links\">\n\t\t\t\t\t\t\t\t<\/div>\t<\/div>\n\t<div class=\"expert-text\">\n\t\t<h4 class=\"nomargin\">\n\t\t\t<a href=\"https:\/\/data.ktu.edu\/EN\/profile\/grahamas\/\">\n\t\t\tGrahamas Hughesas\t\t\t<\/a>\n\t\t<\/h4>\n\t\t<span class=\"expert-signature\">Lektorius<\/span>\n\t\t<p><strong>Grahamas Hughesas<\/strong> nuo 2011 m. veda MAXQDA mokymus ir yra d\u0117st\u0119s daugiau nei 40 tiesiogini\u0173 (angl. <em>face-to-face<\/em>) seminar\u0173 bei daugiau nei 200 internetini\u0173 seminar\u0173. Iki 2011 m. jis daugiau nei 20 met\u0173 vesdavo mokymus ir teikdavo konsultacijas telefonu kit\u0173 programin\u0117s \u012frangos paket\u0173 naudojimo klausimais.<\/p>\t<\/div>\n<\/div>\n\n\n<div class=\"expert-preview\">\n\t<div class=\"expert-meta\">\n\t\t<div class=\"expert-image bordered-image\">\n\t\t\t<a href=\"https:\/\/data.ktu.edu\/EN\/profile\/florian\/\"><img src=\"https:\/\/data.ktu.edu\/EN\/wp-content\/uploads\/2020\/04\/florian_rabitz-96x96.jpg\" class=\"avatar\" width=\"96\" alt=\"\" \/><\/a>\n\t\t<\/div>\n\t\t<div class=\"user-links\">\n\t\t\t\t\t\t\t\t<\/div>\t<\/div>\n\t<div class=\"expert-text\">\n\t\t<h4 class=\"nomargin\">\n\t\t\t<a href=\"https:\/\/data.ktu.edu\/EN\/profile\/florian\/\">\n\t\t\tFlorian Rabitz\t\t\t<\/a>\n\t\t<\/h4>\n\t\t<span class=\"expert-signature\">KTU vyresn. mokslo darbuotojas<\/span>\n\t\t<p><strong>Dr. Florianas Rabitzas<\/strong> turi <em>Laisvojo Briuselio universiteto<\/em>politikos moksl\u0173 daktaro laipsn\u012f. Jis yra Kauno technologijos universiteto vyresnysis mokslo darbuotojas, anks\u010diau d\u0117st\u0117 San Paulo universitete. Jo pagrindiniai tyrim\u0173 interesai yra tarptautin\u0117s institucijos ir globalus aplinkos valdymas. Paskutin\u0117s lektoriaus publikacijos buvo paskelbtos mokslo \u017eurnaluose <em>Environmental Politics<\/em>, <em>Global Policy<\/em> ir <em>Review of European, Comparative and International Environmental Law<\/em>.<\/p>\t<\/div>\n<\/div>\n\n\n<div class=\"expert-preview\">\n\t<div class=\"expert-meta\">\n\t\t<div class=\"expert-image bordered-image\">\n\t\t\t<a href=\"https:\/\/data.ktu.edu\/EN\/profile\/jose\/\"><img src=\"https:\/\/data.ktu.edu\/EN\/wp-content\/uploads\/2020\/04\/s200_jose_m..echavarren-96x96.jpg\" class=\"avatar\" width=\"96\" alt=\"\" \/><\/a>\n\t\t<\/div>\n\t\t<div class=\"user-links\">\n\t\t\t\t\t\t\t\t<\/div>\t<\/div>\n\t<div class=\"expert-text\">\n\t\t<h4 class=\"nomargin\">\n\t\t\t<a href=\"https:\/\/data.ktu.edu\/EN\/profile\/jose\/\">\n\t\t\tJose Echavarren\t\t\t<\/a>\n\t\t<\/h4>\n\t\t<span class=\"expert-signature\">Lektorius<\/span>\n\t\t<p><strong>Dr. Jose M. Echavarren<\/strong> yra \u012fgij\u0119s sociologijos daktaro laipsn\u012f Navaros universitete (Ispanija). Jo daktaro disertacija 2007 m. sulauk\u0117 Ispanijos Sociolog\u0173 ir politolog\u0173 asociacijos apdovanojimo. 2006 m. dirbo Andal\u016bzijos studij\u0173 centro tyr\u0117ju. \u0160iuo metu jis dirba d\u0117stytoju Pablo de Olavide universitete (Ispanija), kur d\u0117sto kiekybinius metodus ir aplinkosaugos sociologij\u0105. 2014 m. J. M. Echavarren buvo Jorko universiteto (Jungtin\u0117 Karalyst\u0117) vizituojantis d\u0117stytojas.<\/p>\t<\/div>\n<\/div>\n\n\n<div class=\"expert-preview\">\n\t<div class=\"expert-meta\">\n\t\t<div class=\"expert-image bordered-image\">\n\t\t\t<a href=\"https:\/\/data.ktu.edu\/EN\/profile\/audra-balunde\/\"><img src=\"https:\/\/data.ktu.edu\/EN\/wp-content\/themes\/academy\/images\/avatar.png\" class=\"avatar\" width=\"96\" alt=\"\" \/><\/a>\n\t\t<\/div>\n\t\t<div class=\"user-links\">\n\t\t\t\t\t\t\t\t<\/div>\t<\/div>\n\t<div class=\"expert-text\">\n\t\t<h4 class=\"nomargin\">\n\t\t\t<a href=\"https:\/\/data.ktu.edu\/EN\/profile\/audra-balunde\/\">\n\t\t\tAudra Balund\u0117\t\t\t<\/a>\n\t\t<\/h4>\n\t\t<span class=\"expert-signature\">Lektor\u0117<\/span>\n\t\t<p><strong>Dokt.<\/strong><b> Audra Balund\u0117<\/b> yra jaunesnioji mokslo darbuotoja Aplinkos psichologijos tyrim\u0173 centre, Mykolo Romerio universitete, o taip pat psichologijos moksl\u0173 kandidat\u0117 Aplinkos psichologijos tyrim\u0173 laboratorijoje, Groningeno universitete, Nyderlanduose (www.rug.nl\/staff\/a.balunde\/research). A. Balund\u0117s mokslini\u0173 tyrim\u0173 sritys: aplink\u0105 tausojantis elgesys bei jo i\u0161takos; moralini\u0173 ir tapatumo veiksni\u0173 s\u0105ry\u0161is su aplink\u0105 tausojan\u010dia elgsena. Savo tyrimuose ji taiko kiekybinius tyrim\u0173 metodus (pvz.: strukt\u016brini\u0173 lyg\u010di\u0173 modeliavimas, sistemin\u0117 ir meta-analiz\u0117, etc.). Mokslin\u0117s produkcijos s\u0105ra\u0161as: https:\/\/www.researchgate.net\/profile\/Audra_Balunde2<\/p>\t<\/div>\n<\/div>\n\n\n<div class=\"expert-preview\">\n\t<div class=\"expert-meta\">\n\t\t<div class=\"expert-image bordered-image\">\n\t\t\t<a href=\"https:\/\/data.ktu.edu\/EN\/profile\/alexandra-stam\/\"><img src=\"https:\/\/data.ktu.edu\/EN\/wp-content\/themes\/academy\/images\/avatar.png\" class=\"avatar\" width=\"96\" alt=\"\" \/><\/a>\n\t\t<\/div>\n\t\t<div class=\"user-links\">\n\t\t\t\t\t\t\t\t<\/div>\t<\/div>\n\t<div class=\"expert-text\">\n\t\t<h4 class=\"nomargin\">\n\t\t\t<a href=\"https:\/\/data.ktu.edu\/EN\/profile\/alexandra-stam\/\">\n\t\t\tAlexandra Stam\t\t\t<\/a>\n\t\t<\/h4>\n\t\t<span class=\"expert-signature\">Lektor\u0117<\/span>\n\t\t<p><strong>Dr. Alexandra Stam<\/strong> <strong><a href=\"https:\/\/forscenter.ch\/staff\/alexandra-stam\/\">asmeninis profilis<\/a><\/strong> \u0160veicarijos socialini\u0173 duomen\u0173 fonde (angl. <em>Swiss Foundation for Research in Social Sciences, FORS<\/em>). <!-- [if gte mso 9]&gt;--><\/p>\t<\/div>\n<\/div>\n\n\n<div class=\"expert-preview\">\n\t<div class=\"expert-meta\">\n\t\t<div class=\"expert-image bordered-image\">\n\t\t\t<a href=\"https:\/\/data.ktu.edu\/EN\/profile\/eugenijus-toleikis\/\"><img src=\"https:\/\/data.ktu.edu\/EN\/wp-content\/uploads\/2020\/10\/490789-1-e1602662476297-96x96.jpg\" class=\"avatar\" width=\"96\" alt=\"\" \/><\/a>\n\t\t<\/div>\n\t\t<div class=\"user-links\">\n\t\t\t\t\t<a href=\"https:\/\/lt.linkedin.com\/in\/eugenijustoleikis?challengeId=AQHIECB-ciPbFQAAAXUCdrnS5Kzwj-8pOn6JKjG9p_WkGTfi__R7ngwZVK07noDmwO2VdAorrwlQZiXUuRJ3XC19f7Sv9XyQvg&submissionId=31102f0b-d8ac-3b16-ca3a-feee929c2156\" class=\"linkedin\" target=\"_blank\" title=\"LinkedIn\"><\/a>\t\t\t<\/div>\t<\/div>\n\t<div class=\"expert-text\">\n\t\t<h4 class=\"nomargin\">\n\t\t\t<a href=\"https:\/\/data.ktu.edu\/EN\/profile\/eugenijus-toleikis\/\">\n\t\t\tEugenijus Toleikis\t\t\t<\/a>\n\t\t<\/h4>\n\t\t<span class=\"expert-signature\">Lektorius<\/span>\n\t\t<p><strong>Eugenijaus Toleikio<\/strong> <strong><a href=\"https:\/\/lt.linkedin.com\/in\/eugenijustoleikis?challengeId=AQHIECB-ciPbFQAAAXUCdrnS5Kzwj-8pOn6JKjG9p_WkGTfi__R7ngwZVK07noDmwO2VdAorrwlQZiXUuRJ3XC19f7Sv9XyQvg&amp;submissionId=31102f0b-d8ac-3b16-ca3a-feee929c2156\">asmeninis profilis LinkedIn<\/a>.<\/strong><\/p>\t<\/div>\n<\/div>\n\n\n<div class=\"expert-preview\">\n\t<div class=\"expert-meta\">\n\t\t<div class=\"expert-image bordered-image\">\n\t\t\t<a href=\"https:\/\/data.ktu.edu\/EN\/profile\/dobilas-dainys\/\"><img src=\"https:\/\/data.ktu.edu\/EN\/wp-content\/uploads\/2020\/10\/FB-lektorious-Dobilas-2-e1602662299412-96x96.png\" class=\"avatar\" width=\"96\" alt=\"\" \/><\/a>\n\t\t<\/div>\n\t\t<div class=\"user-links\">\n\t\t\t\t\t<a href=\"https:\/\/www.linkedin.com\/in\/dobilasdainys\/\" class=\"linkedin\" target=\"_blank\" title=\"LinkedIn\"><\/a>\t\t\t<\/div>\t<\/div>\n\t<div class=\"expert-text\">\n\t\t<h4 class=\"nomargin\">\n\t\t\t<a href=\"https:\/\/data.ktu.edu\/EN\/profile\/dobilas-dainys\/\">\n\t\t\tDobilas Dainys\t\t\t<\/a>\n\t\t<\/h4>\n\t\t<span class=\"expert-signature\">Lektorius<\/span>\n\t\t<p><strong>Dobilo Dainio<\/strong> <strong><a href=\"https:\/\/www.linkedin.com\/in\/dobilasdainys\/\">asmeninis profilis LinkedIn<\/a>.<\/strong><\/p>\t<\/div>\n<\/div>\n\n\n<div class=\"expert-preview\">\n\t<div class=\"expert-meta\">\n\t\t<div class=\"expert-image bordered-image\">\n\t\t\t<a href=\"https:\/\/data.ktu.edu\/EN\/profile\/christina-silver\/\"><img src=\"https:\/\/data.ktu.edu\/EN\/wp-content\/themes\/academy\/images\/avatar.png\" class=\"avatar\" width=\"96\" alt=\"\" \/><\/a>\n\t\t<\/div>\n\t\t<div class=\"user-links\">\n\t\t\t\t\t\t\t\t<\/div>\t<\/div>\n\t<div class=\"expert-text\">\n\t\t<h4 class=\"nomargin\">\n\t\t\t<a href=\"https:\/\/data.ktu.edu\/EN\/profile\/christina-silver\/\">\n\t\t\tChristina Silver\t\t\t<\/a>\n\t\t<\/h4>\n\t\t<span class=\"expert-signature\">Lektor\u0117<\/span>\n\t\t<p><strong>Dr. Christina Silver <\/strong> <a href=\"https:\/\/www.qdaservices.co.uk\/christinasilver\"><strong>asmeninis profilis<\/strong><\/a> Qualitative Data Analysis Services, QDAS svetain\u0117je.<\/p>\t<\/div>\n<\/div>\n\n\n<div class=\"expert-preview\">\n\t<div class=\"expert-meta\">\n\t\t<div class=\"expert-image bordered-image\">\n\t\t\t<a href=\"https:\/\/data.ktu.edu\/EN\/profile\/monika-verbalyte\/\"><img src=\"https:\/\/data.ktu.edu\/EN\/wp-content\/themes\/academy\/images\/avatar.png\" class=\"avatar\" width=\"96\" alt=\"\" \/><\/a>\n\t\t<\/div>\n\t\t<div class=\"user-links\">\n\t\t\t\t\t\t\t\t<\/div>\t<\/div>\n\t<div class=\"expert-text\">\n\t\t<h4 class=\"nomargin\">\n\t\t\t<a href=\"https:\/\/data.ktu.edu\/EN\/profile\/monika-verbalyte\/\">\n\t\t\tMonika Verbalyt\u0117\t\t\t<\/a>\n\t\t<\/h4>\n\t\t<span class=\"expert-signature\">Lektor\u0117<\/span>\n\t\t<p><strong>Dokt. Monika Verbalyt\u0117<\/strong> studijavo politikos mokslus VU TSPMI ir Europos sociologij\u0105 Laisvajame Berlyno universitete. \u0160iuo metu ji yra doktorant\u016bros student\u0117 sociologijos katedroje Laisvajame Berlyno universitete ir mokslin\u0117 darbuotoja projekte \u201eEuropa kaip socialinis tinklas: \u017dmoni\u0173 transnacionalin\u0117s s\u0105veikos ir Europos integracija\u201c Magdeburgo universitete, Vokietijoje. Jau ketverius metus ji dirba su socialini\u0173 tinkl\u0173 analize, \u0161iuo metu vienu grei\u010diausiai savo populiarumu augan\u010diu ir besivystan\u010diu metodu socialiniuose moksluose. Jos akademiniai interesai apima politin\u0119 emocij\u0173 ir Europos sociologij\u0105, politin\u0119 komunikacij\u0105, politines nuostatas ir elges\u012f bei diskurso analiz\u0119. Ji jau yra publikavusi tarptautinio lygio akademiniuose leidiniuose, pavyzd\u017eiui, EJPR su straipsniu <em>Europe as a Network of Transnational Attachment: Structure, Predictors, Cleavages<\/em> (su Emanuel Deutschmann, Jan Delhey and Auke Aplowski, 2018).<\/p>\t<\/div>\n<\/div>\n\n\n<div class=\"expert-preview\">\n\t<div class=\"expert-meta\">\n\t\t<div class=\"expert-image bordered-image\">\n\t\t\t<a href=\"https:\/\/data.ktu.edu\/EN\/profile\/rasa-erentaite\/\"><img src=\"https:\/\/data.ktu.edu\/EN\/wp-content\/uploads\/2020\/11\/IMG_2590_web-96x96.jpg\" class=\"avatar\" width=\"96\" alt=\"\" \/><\/a>\n\t\t<\/div>\n\t\t<div class=\"user-links\">\n\t\t\t\t\t<a href=\"https:\/\/www.linkedin.com\/in\/rasa-erentaite-bb76aa63\/\" class=\"linkedin\" target=\"_blank\" title=\"LinkedIn\"><\/a>\t\t\t<\/div>\t<\/div>\n\t<div class=\"expert-text\">\n\t\t<h4 class=\"nomargin\">\n\t\t\t<a href=\"https:\/\/data.ktu.edu\/EN\/profile\/rasa-erentaite\/\">\n\t\t\tRasa Erentait\u0117\t\t\t<\/a>\n\t\t<\/h4>\n\t\t<span class=\"expert-signature\">Lektor\u0117<\/span>\n\t\t<p><strong>Dr. Rasa Erentait\u0117<\/strong> yra KTU Socialini\u0173, humanitarini\u0173 moksl\u0173 ir men\u0173 fakulteto docent\u0117, vyresnioji mokslo darbuotoja. Daugiau nei de\u0161imtmet\u012f tyrin\u0117ja paaugli\u0173 ir jaunimo psichosocialin\u0117s raidos aspektus, ypa\u010d tapatumo formavim\u0105si, tiksl\u0173 reguliacijos procesus, socialinio-ekonominio-kult\u016brinio konteksto reik\u0161m\u0119. Savo tyrimuose daugiausiai taiko t\u0119stin\u0117s ir vienkartin\u0117s apklausos strategijas, kiekybinius statistin\u0117s analiz\u0117s metodus. Nuo 2008-\u0173j\u0173 d\u0117sto socialini\u0173 (psichologini\u0173) tyrim\u0173 metodus bakalauro ir magistro studij\u0173 programose.<\/p>\t<\/div>\n<\/div>\n\n\n<div class=\"expert-preview\">\n\t<div class=\"expert-meta\">\n\t\t<div class=\"expert-image bordered-image\">\n\t\t\t<a href=\"https:\/\/data.ktu.edu\/EN\/profile\/katy\/\"><img src=\"https:\/\/data.ktu.edu\/EN\/wp-content\/uploads\/2021\/05\/katy-96x96.jpg\" class=\"avatar\" width=\"96\" alt=\"\" \/><\/a>\n\t\t<\/div>\n\t\t<div class=\"user-links\">\n\t\t\t\t\t\t\t\t<\/div>\t<\/div>\n\t<div class=\"expert-text\">\n\t\t<h4 class=\"nomargin\">\n\t\t\t<a href=\"https:\/\/data.ktu.edu\/EN\/profile\/katy\/\">\n\t\t\tKaty Wheeler\t\t\t<\/a>\n\t\t<\/h4>\n\t\t<span class=\"expert-signature\">Lektor\u0117<\/span>\n\t\t<p><strong>Dr. Katy Wheeler<\/strong> is a Senior Lecturer in Sociology at the University of Essex. She has extensive experience of conducting qualitative interviews, including household interviews, expert interviews, and focus groups. Her research interests are in the fields of sustainability and consumption and she has published widely within leading academic journals and two books, <i>Fair-Trade and the Citizen-Consumer: Shopping for Justice <\/i>(Palgrave, 2012) and <i>Recycling and Consumption Work: Social and moral economies <\/i>(Palgrave, 2015). She is currently pursuing a project on sustainability education.<br \/>\n<!-- [if gte mso 9]&gt;--><\/p>\t<\/div>\n<\/div>\n\n\n<div class=\"expert-preview\">\n\t<div class=\"expert-meta\">\n\t\t<div class=\"expert-image bordered-image\">\n\t\t\t<a href=\"https:\/\/data.ktu.edu\/EN\/profile\/bethany\/\"><img src=\"https:\/\/data.ktu.edu\/EN\/wp-content\/uploads\/2021\/05\/Bethany-96x96.jpg\" class=\"avatar\" width=\"96\" alt=\"\" \/><\/a>\n\t\t<\/div>\n\t\t<div class=\"user-links\">\n\t\t\t\t\t\t\t\t<\/div>\t<\/div>\n\t<div class=\"expert-text\">\n\t\t<h4 class=\"nomargin\">\n\t\t\t<a href=\"https:\/\/data.ktu.edu\/EN\/profile\/bethany\/\">\n\t\t\tBethany Morgan Brett\t\t\t<\/a>\n\t\t<\/h4>\n\t\t<span class=\"expert-signature\">Lektor\u0117<\/span>\n\t\t<p><strong>Dr. Bethany Morgan Brett<\/strong> is a lecturer in Psychosocial and Psychoanalytic Studies, a child therapist, and an organisational consultant. Her research has primarily focused on the themes of ageing, death, loss, grief, and the life course, and she has conducted extensive interviews and observations with vulnerable research populations. She is particularly interested in how psychoanalysis can be incorporated into social research methods. She has published a number of journal articles and is currently authoring her first monograph for Policy Press on the <i>Death of Parents in Later Life<\/i>.<br \/>\n<!-- [if gte mso 9]&gt;--><\/p>\t<\/div>\n<\/div>\n\n\n<div class=\"expert-preview\">\n\t<div class=\"expert-meta\">\n\t\t<div class=\"expert-image bordered-image\">\n\t\t\t<a href=\"https:\/\/data.ktu.edu\/EN\/profile\/derek\/\"><img src=\"https:\/\/data.ktu.edu\/EN\/wp-content\/uploads\/2021\/06\/Derek-96x96.jpg\" class=\"avatar\" width=\"96\" alt=\"\" \/><\/a>\n\t\t<\/div>\n\t\t<div class=\"user-links\">\n\t\t\t\t\t\t\t\t<\/div>\t<\/div>\n\t<div class=\"expert-text\">\n\t\t<h4 class=\"nomargin\">\n\t\t\t<a href=\"https:\/\/data.ktu.edu\/EN\/profile\/derek\/\">\n\t\t\tDerek Beach\t\t\t<\/a>\n\t\t<\/h4>\n\t\t<span class=\"expert-signature\">Lektorius<\/span>\n\t\t<p><strong>Dr. Derek Beach<\/strong> is a professor of Political Science at Aarhus University. He has authored articles, chapters, and books on case study research methodology, international negotiations, referendums, and European integration, and co-authored Process-tracing Methods: Foundations and Guidelines (University of Michigan Press). <a href=\"https:\/\/pure.au.dk\/portal\/en\/persons\/derek-beach%284474c9f7-e57c-408b-b847-368f28300ef9%29.html\" rel=\"noopener\">More info<\/a>.<\/p>\t<\/div>\n<\/div>\n\n\n<div class=\"expert-preview\">\n\t<div class=\"expert-meta\">\n\t\t<div class=\"expert-image bordered-image\">\n\t\t\t<a href=\"https:\/\/data.ktu.edu\/EN\/profile\/bruno-castanho-silva\/\"><img src=\"https:\/\/data.ktu.edu\/EN\/wp-content\/uploads\/2021\/06\/Bruno-96x96.jpg\" class=\"avatar\" width=\"96\" alt=\"\" \/><\/a>\n\t\t<\/div>\n\t\t<div class=\"user-links\">\n\t\t\t\t\t\t\t\t<\/div>\t<\/div>\n\t<div class=\"expert-text\">\n\t\t<h4 class=\"nomargin\">\n\t\t\t<a href=\"https:\/\/data.ktu.edu\/EN\/profile\/bruno-castanho-silva\/\">\n\t\t\tBruno Castanho Silva\t\t\t<\/a>\n\t\t<\/h4>\n\t\t<span class=\"expert-signature\">Lektorius<\/span>\n\t\t<p><strong>Dr. Bruno Castanho Silva<\/strong> is a postdoctoral researcher at the Cologne Center for Comparative Politics, University of Cologne. He holds a PhD in political science from Central European University and has experience teaching various topics in research design and methodology, including causal inference, machine learning, and structural equation modelling. Substantively, his research focuses on populism in comparative perspective, and social media and politics in Europe.<\/p>\t<\/div>\n<\/div>\n\n\n<\/div>\n","protected":false},"excerpt":{"rendered":"","protected":false},"author":1,"featured_media":0,"parent":0,"menu_order":0,"comment_status":"closed","ping_status":"closed","template":"","meta":[],"_links":{"self":[{"href":"https:\/\/data.ktu.edu\/EN\/wp-json\/wp\/v2\/pages\/2413"}],"collection":[{"href":"https:\/\/data.ktu.edu\/EN\/wp-json\/wp\/v2\/pages"}],"about":[{"href":"https:\/\/data.ktu.edu\/EN\/wp-json\/wp\/v2\/types\/page"}],"author":[{"embeddable":true,"href":"https:\/\/data.ktu.edu\/EN\/wp-json\/wp\/v2\/users\/1"}],"replies":[{"embeddable":true,"href":"https:\/\/data.ktu.edu\/EN\/wp-json\/wp\/v2\/comments?post=2413"}],"version-history":[{"count":19,"href":"https:\/\/data.ktu.edu\/EN\/wp-json\/wp\/v2\/pages\/2413\/revisions"}],"predecessor-version":[{"id":2571,"href":"https:\/\/data.ktu.edu\/EN\/wp-json\/wp\/v2\/pages\/2413\/revisions\/2571"}],"wp:attachment":[{"href":"https:\/\/data.ktu.edu\/EN\/wp-json\/wp\/v2\/media?parent=2413"}],"curies":[{"name":"wp","href":"https:\/\/api.w.org\/{rel}","templated":true}]}}